{"id":78,"date":"2021-09-04T04:02:28","date_gmt":"2021-09-04T07:02:28","guid":{"rendered":"http:\/\/www.numerotres.org\/nonumentos\/?page_id=78"},"modified":"2021-09-19T05:29:24","modified_gmt":"2021-09-19T08:29:24","slug":"equipo-de-investigacion","status":"publish","type":"page","link":"https:\/\/www.numerotres.org\/nonumentos\/equipo-de-investigacion\/","title":{"rendered":"Equipo de Investigaci\u00f3n"},"content":{"rendered":"\t\t<div data-elementor-type=\"wp-page\" data-elementor-id=\"78\" class=\"elementor elementor-78\" data-elementor-settings=\"[]\">\n\t\t\t\t\t\t\t<div class=\"elementor-section-wrap\">\n\t\t\t\t\t\t\t<section class=\"elementor-section elementor-top-section elementor-element elementor-element-9a3fb34 elementor-section-boxed elementor-section-height-default elementor-section-height-default\" data-id=\"9a3fb34\" data-element_type=\"section\">\n\t\t\t\t\t\t<div class=\"elementor-container elementor-column-gap-default\">\n\t\t\t\t\t<div class=\"elementor-column elementor-col-25 elementor-top-column elementor-element elementor-element-7825ed5\" data-id=\"7825ed5\" data-element_type=\"column\">\n\t\t\t<div class=\"elementor-widget-wrap elementor-element-populated\">\n\t\t\t\t\t\t\t\t<section class=\"elementor-section elementor-inner-section elementor-element elementor-element-4b5b965 elementor-section-boxed elementor-section-height-default elementor-section-height-default\" data-id=\"4b5b965\" data-element_type=\"section\">\n\t\t\t\t\t\t<div class=\"elementor-container elementor-column-gap-default\">\n\t\t\t\t\t<div class=\"elementor-column elementor-col-100 elementor-inner-column elementor-element elementor-element-32690f6\" data-id=\"32690f6\" data-element_type=\"column\">\n\t\t\t<div class=\"elementor-widget-wrap elementor-element-populated\">\n\t\t\t\t\t\t\t\t<div class=\"elementor-element elementor-element-a32cd60 elementor-widget elementor-widget-heading\" data-id=\"a32cd60\" data-element_type=\"widget\" data-widget_type=\"heading.default\">\n\t\t\t\t<div class=\"elementor-widget-container\">\n\t\t\t<h2 class=\"elementor-heading-title elementor-size-default\">EQUIPO DE INVESTIGACI\u00d3N<\/h2>\t\t<\/div>\n\t\t\t\t<\/div>\n\t\t\t\t\t<\/div>\n\t\t<\/div>\n\t\t\t\t\t\t\t<\/div>\n\t\t<\/section>\n\t\t\t\t<div class=\"elementor-element elementor-element-0f536c3 elementor-widget elementor-widget-spacer\" data-id=\"0f536c3\" data-element_type=\"widget\" data-widget_type=\"spacer.default\">\n\t\t\t\t<div class=\"elementor-widget-container\">\n\t\t\t\t\t<div class=\"elementor-spacer\">\n\t\t\t<div class=\"elementor-spacer-inner\"><\/div>\n\t\t<\/div>\n\t\t\t\t<\/div>\n\t\t\t\t<\/div>\n\t\t\t\t<section class=\"elementor-section elementor-inner-section elementor-element elementor-element-86d7cf1 hidden elementor-section-boxed elementor-section-height-default elementor-section-height-default\" data-id=\"86d7cf1\" data-element_type=\"section\" id=\"sect1\">\n\t\t\t\t\t\t<div class=\"elementor-container elementor-column-gap-default\">\n\t\t\t\t\t<div class=\"elementor-column elementor-col-100 elementor-inner-column elementor-element elementor-element-47171f9\" data-id=\"47171f9\" data-element_type=\"column\">\n\t\t\t<div class=\"elementor-widget-wrap elementor-element-populated\">\n\t\t\t\t\t\t\t\t<div class=\"elementor-element elementor-element-b00ca41 elementor-widget elementor-widget-heading\" data-id=\"b00ca41\" data-element_type=\"widget\" data-widget_type=\"heading.default\">\n\t\t\t\t<div class=\"elementor-widget-container\">\n\t\t\t<h4 class=\"elementor-heading-title elementor-size-default\">Javiera Bustamante<\/h4>\t\t<\/div>\n\t\t\t\t<\/div>\n\t\t\t\t<div class=\"elementor-element elementor-element-3c3c29e elementor-widget elementor-widget-text-editor\" data-id=\"3c3c29e\" data-element_type=\"widget\" data-widget_type=\"text-editor.default\">\n\t\t\t\t<div class=\"elementor-widget-container\">\n\t\t\t\t\t\t\t<p><strong>Investigadora Principal<\/strong><\/p><p>Antrop\u00f3loga Social de la Universidad de Chile y Doctora en Gesti\u00f3n de la Cultura y el Patrimonio por la Universidad de Barcelona. Es Acad\u00e9mica del Departamento de Antropolog\u00eda de la Universidad Alberto Hurtado y directora del Diplomado en Gesti\u00f3n e Investigaci\u00f3n del Patrimonio Cultural de la misma universidad. Es investigadora en temas de memoria, patrimonio y ciudad, y actualmente es coinvestigadora del proyecto Fondecyt Regular <em>Ruinas urbanas. R\u00e9plicas de memoria en ciudades latinoamericanas.\u00a0 Santiago, Quito y Bogot\u00e1<\/em> de la antrop\u00f3loga Francisca M\u00e1rquez y es la investigadora responsable del proyecto Fondecyt de Iniciaci\u00f3n Destrucci\u00f3n, desafecci\u00f3n y contranarrativas patrimoniales. Redefinici\u00f3n del patrimonio cultural en el Chile actual.<\/p>\t\t\t\t\t\t<\/div>\n\t\t\t\t<\/div>\n\t\t\t\t\t<\/div>\n\t\t<\/div>\n\t\t\t\t\t\t\t<\/div>\n\t\t<\/section>\n\t\t\t\t<section class=\"elementor-section elementor-inner-section elementor-element elementor-element-dab166c hidden elementor-section-boxed elementor-section-height-default elementor-section-height-default\" data-id=\"dab166c\" data-element_type=\"section\" id=\"sect4\">\n\t\t\t\t\t\t<div class=\"elementor-container elementor-column-gap-default\">\n\t\t\t\t\t<div class=\"elementor-column elementor-col-100 elementor-inner-column elementor-element elementor-element-6ea1d7a\" data-id=\"6ea1d7a\" data-element_type=\"column\">\n\t\t\t<div class=\"elementor-widget-wrap elementor-element-populated\">\n\t\t\t\t\t\t\t\t<div class=\"elementor-element elementor-element-0f2827b elementor-widget elementor-widget-heading\" data-id=\"0f2827b\" data-element_type=\"widget\" data-widget_type=\"heading.default\">\n\t\t\t\t<div class=\"elementor-widget-container\">\n\t\t\t<h4 class=\"elementor-heading-title elementor-size-default\">Dami\u00e1n Rosenmann<\/h4>\t\t<\/div>\n\t\t\t\t<\/div>\n\t\t\t\t<div class=\"elementor-element elementor-element-8942092 elementor-widget elementor-widget-text-editor\" data-id=\"8942092\" data-element_type=\"widget\" data-widget_type=\"text-editor.default\">\n\t\t\t\t<div class=\"elementor-widget-container\">\n\t\t\t\t\t\t\t<p><strong>Asistente de investigaci\u00f3n<br \/><\/strong><\/p><p>Licenciado en Historia, Menci\u00f3n en Estudios Culturales, Universidad Academia de Humanismo Cristiano. Diplomado Cine Documental Escuela de Cine de Chile. Investiga violencia pol\u00edtica y movimientos sociales y populares de Chile Siglo XX, como as\u00ed mismo, colabora en proyectos de gesti\u00f3n e investigaci\u00f3n de historia barrial patrimonial.<\/p>\t\t\t\t\t\t<\/div>\n\t\t\t\t<\/div>\n\t\t\t\t\t<\/div>\n\t\t<\/div>\n\t\t\t\t\t\t\t<\/div>\n\t\t<\/section>\n\t\t\t\t<section class=\"elementor-section elementor-inner-section elementor-element elementor-element-482c82a hidden elementor-section-boxed elementor-section-height-default elementor-section-height-default\" data-id=\"482c82a\" data-element_type=\"section\" id=\"sect2\">\n\t\t\t\t\t\t<div class=\"elementor-container elementor-column-gap-default\">\n\t\t\t\t\t<div class=\"elementor-column elementor-col-100 elementor-inner-column elementor-element elementor-element-e5bfaf6\" data-id=\"e5bfaf6\" data-element_type=\"column\">\n\t\t\t<div class=\"elementor-widget-wrap elementor-element-populated\">\n\t\t\t\t\t\t\t\t<div class=\"elementor-element elementor-element-57a8df8 elementor-widget elementor-widget-heading\" data-id=\"57a8df8\" data-element_type=\"widget\" data-widget_type=\"heading.default\">\n\t\t\t\t<div class=\"elementor-widget-container\">\n\t\t\t<h4 class=\"elementor-heading-title elementor-size-default\">Ignacia Luco<\/h4>\t\t<\/div>\n\t\t\t\t<\/div>\n\t\t\t\t<div class=\"elementor-element elementor-element-a80d5df elementor-widget elementor-widget-text-editor\" data-id=\"a80d5df\" data-element_type=\"widget\" data-widget_type=\"text-editor.default\">\n\t\t\t\t<div class=\"elementor-widget-container\">\n\t\t\t\t\t\t\t<p><strong>Asistente de investigaci\u00f3n<br \/><\/strong><\/p><p>Antrop\u00f3loga Social de la Universidad Alberto Hurtado con experiencia en investigaci\u00f3n social y metodolog\u00edas cualitativas, as\u00ed como en dise\u00f1o y evaluaci\u00f3n de proyectos socio-culturales. He desarrollado l\u00edneas de inter\u00e9s vinculadas con memoria pol\u00edtica chilena y latinoamericana, derechos humanos, gesti\u00f3n de la cultura y el patrimonio, g\u00e9nero y feminismos, artes y educaci\u00f3n. Actualmente trabajo de manera independiente, realizando consultor\u00edas en metodolog\u00edas cualitativas para organismos del Ministerio de Desarrollo Social y Familia, y en proyectos de investigaci\u00f3n acad\u00e9mica relacionados con el uso de archivos en contextos escolares, memoria pol\u00edtica y patrimonio cultural.<\/p>\t\t\t\t\t\t<\/div>\n\t\t\t\t<\/div>\n\t\t\t\t\t<\/div>\n\t\t<\/div>\n\t\t\t\t\t\t\t<\/div>\n\t\t<\/section>\n\t\t\t\t<section class=\"elementor-section elementor-inner-section elementor-element elementor-element-175649e hidden elementor-section-boxed elementor-section-height-default elementor-section-height-default\" data-id=\"175649e\" data-element_type=\"section\" id=\"sect5\">\n\t\t\t\t\t\t<div class=\"elementor-container elementor-column-gap-default\">\n\t\t\t\t\t<div class=\"elementor-column elementor-col-100 elementor-inner-column elementor-element elementor-element-6d0143c\" data-id=\"6d0143c\" data-element_type=\"column\">\n\t\t\t<div class=\"elementor-widget-wrap elementor-element-populated\">\n\t\t\t\t\t\t\t\t<div class=\"elementor-element elementor-element-48f0829 elementor-widget elementor-widget-heading\" data-id=\"48f0829\" data-element_type=\"widget\" data-widget_type=\"heading.default\">\n\t\t\t\t<div class=\"elementor-widget-container\">\n\t\t\t<h4 class=\"elementor-heading-title elementor-size-default\">Yanko D\u00edaz<\/h4>\t\t<\/div>\n\t\t\t\t<\/div>\n\t\t\t\t<div class=\"elementor-element elementor-element-fd61a20 elementor-widget elementor-widget-text-editor\" data-id=\"fd61a20\" data-element_type=\"widget\" data-widget_type=\"text-editor.default\">\n\t\t\t\t<div class=\"elementor-widget-container\">\n\t\t\t\t\t\t\t<p><strong>Colaborador<br \/><\/strong><\/p><p>Arquitecto de profesi\u00f3n por la Universidad de Chile desde el 2016. Con inter\u00e9s en el patrimonio, en su recorrido acad\u00e9mico realiz\u00f3 un programa de intercambio en la Universit\u00e0 degli Studi Roma Tre, Italia; y estuvo ligado a la investigaci\u00f3n y proyecci\u00f3n sobre paisaje cultural en territorio comunitario ind\u00edgena durante su pregrado. Ha colaborado con equipos en licitaciones e investigaciones enfocadas en inmuebles, barrios y poblados patrimoniales en su labor como independiente.\u00a0Es socio activo en ONG Poloc desde el a\u00f1o 2018.<\/p>\t\t\t\t\t\t<\/div>\n\t\t\t\t<\/div>\n\t\t\t\t\t<\/div>\n\t\t<\/div>\n\t\t\t\t\t\t\t<\/div>\n\t\t<\/section>\n\t\t\t\t<section class=\"elementor-section elementor-inner-section elementor-element elementor-element-e197a1d hidden elementor-section-boxed elementor-section-height-default elementor-section-height-default\" data-id=\"e197a1d\" data-element_type=\"section\" id=\"sect3\">\n\t\t\t\t\t\t<div class=\"elementor-container elementor-column-gap-default\">\n\t\t\t\t\t<div class=\"elementor-column elementor-col-100 elementor-inner-column elementor-element elementor-element-1fb48bb\" data-id=\"1fb48bb\" data-element_type=\"column\">\n\t\t\t<div class=\"elementor-widget-wrap elementor-element-populated\">\n\t\t\t\t\t\t\t\t<div class=\"elementor-element elementor-element-5868956 elementor-widget elementor-widget-heading\" data-id=\"5868956\" data-element_type=\"widget\" data-widget_type=\"heading.default\">\n\t\t\t\t<div class=\"elementor-widget-container\">\n\t\t\t<h4 class=\"elementor-heading-title elementor-size-default\">Oscar Olivares<\/h4>\t\t<\/div>\n\t\t\t\t<\/div>\n\t\t\t\t<div class=\"elementor-element elementor-element-dd8d446 elementor-widget elementor-widget-text-editor\" data-id=\"dd8d446\" data-element_type=\"widget\" data-widget_type=\"text-editor.default\">\n\t\t\t\t<div class=\"elementor-widget-container\">\n\t\t\t\t\t\t\t<p><strong>Asistente de investigaci\u00f3n<br \/><\/strong><\/p><p>Antrop\u00f3logo Social, Universidad Alberto Hurtado (2019). Diplomado en Intervenci\u00f3n Comunitaria, Universidad de Chile (2019). Estudiante de Magister en Sociolog\u00eda, Universidad Alberto Hurtado. Mis l\u00edneas de investigaci\u00f3n son la memoria social y pol\u00edtica, derechos humanos, espacios de memoria y patrimonio cultural. Mis principales lugares de trabajo han sido como gestor cultural y patrimonial en el Sitio de Memoria Estadio Nacional, como gestor comunitario en campamentos de la ciudad de Antofagasta a trav\u00e9s de la Fundaci\u00f3n TomArte y como ayudante de docencia en el departamento de Antropolog\u00eda de la Universidad Alberto Hurtado.<\/p>\t\t\t\t\t\t<\/div>\n\t\t\t\t<\/div>\n\t\t\t\t\t<\/div>\n\t\t<\/div>\n\t\t\t\t\t\t\t<\/div>\n\t\t<\/section>\n\t\t\t\t<section class=\"elementor-section elementor-inner-section elementor-element elementor-element-d1940c1 hidden elementor-section-boxed elementor-section-height-default elementor-section-height-default\" data-id=\"d1940c1\" data-element_type=\"section\" id=\"sect6\">\n\t\t\t\t\t\t<div class=\"elementor-container elementor-column-gap-default\">\n\t\t\t\t\t<div class=\"elementor-column elementor-col-100 elementor-inner-column elementor-element elementor-element-36c5136\" data-id=\"36c5136\" data-element_type=\"column\">\n\t\t\t<div class=\"elementor-widget-wrap elementor-element-populated\">\n\t\t\t\t\t\t\t\t<div class=\"elementor-element elementor-element-72035d5 elementor-widget elementor-widget-heading\" data-id=\"72035d5\" data-element_type=\"widget\" data-widget_type=\"heading.default\">\n\t\t\t\t<div class=\"elementor-widget-container\">\n\t\t\t<h4 class=\"elementor-heading-title elementor-size-default\">Jorge Plascencia<\/h4>\t\t<\/div>\n\t\t\t\t<\/div>\n\t\t\t\t<div class=\"elementor-element elementor-element-6cffb66 elementor-widget elementor-widget-text-editor\" data-id=\"6cffb66\" data-element_type=\"widget\" data-widget_type=\"text-editor.default\">\n\t\t\t\t<div class=\"elementor-widget-container\">\n\t\t\t\t\t\t\t<p><strong>Colaborador<br \/><\/strong><\/p><p>Historiador, con estudios de Licenciatura en Historia (2015) y Pedagog\u00eda en Historia y Geograf\u00eda (2017) en la Universidad de Chile, y de Diplomado en Gesti\u00f3n e Investigaci\u00f3n del Patrimonio Cultural (2021) en la Universidad Alberto Hurtado. Sus l\u00edneas de investigaci\u00f3n son la Historia sociocultural del Chile colonial y contempor\u00e1neo, y la Historia del Patrimonio Cultural y la patrimonializaci\u00f3n en el Chile contempor\u00e1neo. Actualmente, forma parte del \u00e1rea Jur\u00eddica de la Secretar\u00eda T\u00e9cnica del Consejo de Monumentos Nacionales.<\/p>\t\t\t\t\t\t<\/div>\n\t\t\t\t<\/div>\n\t\t\t\t\t<\/div>\n\t\t<\/div>\n\t\t\t\t\t\t\t<\/div>\n\t\t<\/section>\n\t\t\t\t<section class=\"elementor-section elementor-inner-section elementor-element elementor-element-36936e5 hidden elementor-section-boxed elementor-section-height-default elementor-section-height-default\" data-id=\"36936e5\" data-element_type=\"section\" id=\"sect7\">\n\t\t\t\t\t\t<div class=\"elementor-container elementor-column-gap-default\">\n\t\t\t\t\t<div class=\"elementor-column elementor-col-100 elementor-inner-column elementor-element elementor-element-0aa1323\" data-id=\"0aa1323\" data-element_type=\"column\">\n\t\t\t<div class=\"elementor-widget-wrap elementor-element-populated\">\n\t\t\t\t\t\t\t\t<div class=\"elementor-element elementor-element-9f66450 elementor-widget elementor-widget-heading\" data-id=\"9f66450\" data-element_type=\"widget\" data-widget_type=\"heading.default\">\n\t\t\t\t<div class=\"elementor-widget-container\">\n\t\t\t<h4 class=\"elementor-heading-title elementor-size-default\">Miguel Ortiz<\/h4>\t\t<\/div>\n\t\t\t\t<\/div>\n\t\t\t\t<div class=\"elementor-element elementor-element-31a8935 elementor-widget elementor-widget-text-editor\" data-id=\"31a8935\" data-element_type=\"widget\" data-widget_type=\"text-editor.default\">\n\t\t\t\t<div class=\"elementor-widget-container\">\n\t\t\t\t\t\t\t<p><strong>Tesista manager<br \/><\/strong><\/p><p>Soci\u00f3logo de profesi\u00f3n, egresado de la Universidad Alberto Hurtado. Cursando actualmente el programa de Mag\u00edster en Ciencia, Tecnolog\u00eda y Sociedad. Inter\u00e9s por la investigaci\u00f3n en el \u00e1rea cultural, espec\u00edficamente en patrimonio, gesti\u00f3n patrimonial y la aplicaci\u00f3n de la(s) tecnolog\u00eda(s) en el \u00e1mbito patrimonial. En paralelo otra l\u00ednea de inter\u00e9s la conforma el an\u00e1lisis de ciberculturas y ciberespacio, gamificaci\u00f3n y los estudios de\u00a0<em>new media<\/em>. Actualmente trabaja en el Consejo de Monumentos Nacionales como parte del \u00c1rea de Educaci\u00f3n, gestionando la organizaci\u00f3n del D\u00eda del Patrimonio Cultural (DPC) en el Pa\u00eds.<\/p>\t\t\t\t\t\t<\/div>\n\t\t\t\t<\/div>\n\t\t\t\t\t<\/div>\n\t\t<\/div>\n\t\t\t\t\t\t\t<\/div>\n\t\t<\/section>\n\t\t\t\t<section class=\"elementor-section elementor-inner-section elementor-element elementor-element-b706c7f hidden elementor-section-boxed elementor-section-height-default elementor-section-height-default\" data-id=\"b706c7f\" data-element_type=\"section\" id=\"sect8\">\n\t\t\t\t\t\t<div class=\"elementor-container elementor-column-gap-default\">\n\t\t\t\t\t<div class=\"elementor-column elementor-col-100 elementor-inner-column elementor-element elementor-element-ad3e11e\" data-id=\"ad3e11e\" data-element_type=\"column\">\n\t\t\t<div class=\"elementor-widget-wrap elementor-element-populated\">\n\t\t\t\t\t\t\t\t<div class=\"elementor-element elementor-element-f595384 elementor-widget elementor-widget-heading\" data-id=\"f595384\" data-element_type=\"widget\" data-widget_type=\"heading.default\">\n\t\t\t\t<div class=\"elementor-widget-container\">\n\t\t\t<h4 class=\"elementor-heading-title elementor-size-default\">Karina Labra\u00f1a<\/h4>\t\t<\/div>\n\t\t\t\t<\/div>\n\t\t\t\t<div class=\"elementor-element elementor-element-5cd975e elementor-widget elementor-widget-text-editor\" data-id=\"5cd975e\" data-element_type=\"widget\" data-widget_type=\"text-editor.default\">\n\t\t\t\t<div class=\"elementor-widget-container\">\n\t\t\t\t\t\t\t<p><strong>Tesista carrera de Antropolog\u00eda Universidad Academia Humanismo Cristiano<\/strong><\/p><p>Diplomada en Gesti\u00f3n e Investigaci\u00f3n del Patrimonio Cultural (UAH) y en Patrimonio Cultural, Memoria y Ciudad (UAHC). Miembro de la Organizaci\u00f3n Grupo de Investigaci\u00f3n en Ciencias Sociales y Econom\u00eda (GICSEC) y miembro de la Comisi\u00f3n de Comunicaciones del Colegio de Antrop\u00f3logos y Antrop\u00f3logas de Chile.<\/p>\t\t\t\t\t\t<\/div>\n\t\t\t\t<\/div>\n\t\t\t\t\t<\/div>\n\t\t<\/div>\n\t\t\t\t\t\t\t<\/div>\n\t\t<\/section>\n\t\t\t\t<section class=\"elementor-section elementor-inner-section elementor-element elementor-element-64e25a4 hidden elementor-section-boxed elementor-section-height-default elementor-section-height-default\" data-id=\"64e25a4\" data-element_type=\"section\" id=\"sect9\">\n\t\t\t\t\t\t<div class=\"elementor-container elementor-column-gap-default\">\n\t\t\t\t\t<div class=\"elementor-column elementor-col-100 elementor-inner-column elementor-element elementor-element-1435549\" data-id=\"1435549\" data-element_type=\"column\">\n\t\t\t<div class=\"elementor-widget-wrap elementor-element-populated\">\n\t\t\t\t\t\t\t\t<div class=\"elementor-element elementor-element-68374f7 elementor-widget elementor-widget-heading\" data-id=\"68374f7\" data-element_type=\"widget\" data-widget_type=\"heading.default\">\n\t\t\t\t<div class=\"elementor-widget-container\">\n\t\t\t<h4 class=\"elementor-heading-title elementor-size-default\">Mar\u00eda de la Luz Tellez<\/h4>\t\t<\/div>\n\t\t\t\t<\/div>\n\t\t\t\t<div class=\"elementor-element elementor-element-bb9d155 elementor-widget elementor-widget-text-editor\" data-id=\"bb9d155\" data-element_type=\"widget\" data-widget_type=\"text-editor.default\">\n\t\t\t\t<div class=\"elementor-widget-container\">\n\t\t\t\t\t\t\t<p><strong>Tesista carrera de Antropolog\u00eda Universidad Academia Humanismo Cristiano<\/strong><\/p><p>Miembro de la Comisi\u00f3n de Comunicaciones del Colegio de Antrop\u00f3logas y Antrop\u00f3logos de Chile A.G. \u00c1reas de inter\u00e9s: investigaci\u00f3n relacionada con desarrollo sociocultural, comunitario, patrimonial y pol\u00edticas p\u00fablicas.<\/p>\t\t\t\t\t\t<\/div>\n\t\t\t\t<\/div>\n\t\t\t\t\t<\/div>\n\t\t<\/div>\n\t\t\t\t\t\t\t<\/div>\n\t\t<\/section>\n\t\t\t\t<section class=\"elementor-section elementor-inner-section elementor-element elementor-element-e2c5dbc hidden elementor-section-boxed elementor-section-height-default elementor-section-height-default\" data-id=\"e2c5dbc\" data-element_type=\"section\" id=\"sect2\">\n\t\t\t\t\t\t<div class=\"elementor-container elementor-column-gap-default\">\n\t\t\t\t\t<div class=\"elementor-column elementor-col-100 elementor-inner-column elementor-element elementor-element-7d537ef\" data-id=\"7d537ef\" data-element_type=\"column\">\n\t\t\t<div class=\"elementor-widget-wrap\">\n\t\t\t\t\t\t\t\t\t<\/div>\n\t\t<\/div>\n\t\t\t\t\t\t\t<\/div>\n\t\t<\/section>\n\t\t\t\t<section class=\"elementor-section elementor-inner-section elementor-element elementor-element-0cb0050 elementor-section-boxed elementor-section-height-default elementor-section-height-default\" data-id=\"0cb0050\" data-element_type=\"section\">\n\t\t\t\t\t\t<div class=\"elementor-container elementor-column-gap-default\">\n\t\t\t\t\t<div class=\"elementor-column elementor-col-100 elementor-inner-column elementor-element elementor-element-d1b8ba0\" data-id=\"d1b8ba0\" data-element_type=\"column\">\n\t\t\t<div class=\"elementor-widget-wrap\">\n\t\t\t\t\t\t\t\t\t<\/div>\n\t\t<\/div>\n\t\t\t\t\t\t\t<\/div>\n\t\t<\/section>\n\t\t\t\t\t<\/div>\n\t\t<\/div>\n\t\t\t\t<div class=\"elementor-column elementor-col-25 elementor-top-column elementor-element elementor-element-4537066\" data-id=\"4537066\" data-element_type=\"column\">\n\t\t\t<div class=\"elementor-widget-wrap elementor-element-populated\">\n\t\t\t\t\t\t\t\t<div class=\"elementor-element elementor-element-50c060f elementor-widget elementor-widget-image\" data-id=\"50c060f\" data-element_type=\"widget\" data-widget_type=\"image.default\">\n\t\t\t\t<div class=\"elementor-widget-container\">\n\t\t\t\t\t\t\t\t\t\t\t\t\t\t\t<img loading=\"lazy\" decoding=\"async\" width=\"502\" height=\"600\" src=\"https:\/\/www.numerotres.org\/nonumentos\/wp-content\/uploads\/2021\/09\/01_Javiera_bustamante.jpg\" class=\"attachment-large size-large\" alt=\"\" srcset=\"https:\/\/www.numerotres.org\/nonumentos\/wp-content\/uploads\/2021\/09\/01_Javiera_bustamante.jpg 502w, https:\/\/www.numerotres.org\/nonumentos\/wp-content\/uploads\/2021\/09\/01_Javiera_bustamante-251x300.jpg 251w, https:\/\/www.numerotres.org\/nonumentos\/wp-content\/uploads\/2021\/09\/01_Javiera_bustamante-230x275.jpg 230w, https:\/\/www.numerotres.org\/nonumentos\/wp-content\/uploads\/2021\/09\/01_Javiera_bustamante-350x418.jpg 350w, https:\/\/www.numerotres.org\/nonumentos\/wp-content\/uploads\/2021\/09\/01_Javiera_bustamante-480x574.jpg 480w\" sizes=\"auto, (max-width: 502px) 100vw, 502px\" \/>\t\t\t\t\t\t\t\t\t\t\t\t\t\t\t<\/div>\n\t\t\t\t<\/div>\n\t\t\t\t<div class=\"elementor-element elementor-element-d13be09 elementor-button-success elementor-align-left bequipo elementor-widget elementor-widget-button\" data-id=\"d13be09\" data-element_type=\"widget\" data-widget_type=\"button.default\">\n\t\t\t\t<div class=\"elementor-widget-container\">\n\t\t\t\t\t<div class=\"elementor-button-wrapper\">\n\t\t\t<a href=\"#sect1\" class=\"elementor-button-link elementor-button elementor-size-sm\" role=\"button\" id=\"btn1\">\n\t\t\t\t\t\t<span class=\"elementor-button-content-wrapper\">\n\t\t\t\t\t\t<span class=\"elementor-button-text\">Javiera Bustamante +<\/span>\n\t\t<\/span>\n\t\t\t\t\t<\/a>\n\t\t<\/div>\n\t\t\t\t<\/div>\n\t\t\t\t<\/div>\n\t\t\t\t<div class=\"elementor-element elementor-element-493fdff elementor-widget elementor-widget-image\" data-id=\"493fdff\" data-element_type=\"widget\" data-widget_type=\"image.default\">\n\t\t\t\t<div class=\"elementor-widget-container\">\n\t\t\t\t\t\t\t\t\t\t\t\t\t\t\t<img loading=\"lazy\" decoding=\"async\" width=\"502\" height=\"600\" src=\"https:\/\/www.numerotres.org\/nonumentos\/wp-content\/uploads\/2021\/09\/04_Damian-Rosenmann.jpg\" class=\"attachment-large size-large\" alt=\"\" srcset=\"https:\/\/www.numerotres.org\/nonumentos\/wp-content\/uploads\/2021\/09\/04_Damian-Rosenmann.jpg 502w, https:\/\/www.numerotres.org\/nonumentos\/wp-content\/uploads\/2021\/09\/04_Damian-Rosenmann-251x300.jpg 251w, https:\/\/www.numerotres.org\/nonumentos\/wp-content\/uploads\/2021\/09\/04_Damian-Rosenmann-230x275.jpg 230w, https:\/\/www.numerotres.org\/nonumentos\/wp-content\/uploads\/2021\/09\/04_Damian-Rosenmann-350x418.jpg 350w, https:\/\/www.numerotres.org\/nonumentos\/wp-content\/uploads\/2021\/09\/04_Damian-Rosenmann-480x574.jpg 480w\" sizes=\"auto, (max-width: 502px) 100vw, 502px\" \/>\t\t\t\t\t\t\t\t\t\t\t\t\t\t\t<\/div>\n\t\t\t\t<\/div>\n\t\t\t\t<div class=\"elementor-element elementor-element-a49b0ff elementor-button-success elementor-align-left bequipo elementor-widget elementor-widget-button\" data-id=\"a49b0ff\" data-element_type=\"widget\" data-widget_type=\"button.default\">\n\t\t\t\t<div class=\"elementor-widget-container\">\n\t\t\t\t\t<div class=\"elementor-button-wrapper\">\n\t\t\t<a href=\"#sect4\" class=\"elementor-button-link elementor-button elementor-size-sm\" role=\"button\" id=\"btn4\">\n\t\t\t\t\t\t<span class=\"elementor-button-content-wrapper\">\n\t\t\t\t\t\t<span class=\"elementor-button-text\">Dami\u00e1n Rosenmann +<\/span>\n\t\t<\/span>\n\t\t\t\t\t<\/a>\n\t\t<\/div>\n\t\t\t\t<\/div>\n\t\t\t\t<\/div>\n\t\t\t\t<div class=\"elementor-element elementor-element-af80a4c elementor-widget elementor-widget-image\" data-id=\"af80a4c\" data-element_type=\"widget\" data-widget_type=\"image.default\">\n\t\t\t\t<div class=\"elementor-widget-container\">\n\t\t\t\t\t\t\t\t\t\t\t\t\t\t\t<img loading=\"lazy\" decoding=\"async\" width=\"502\" height=\"600\" src=\"https:\/\/www.numerotres.org\/nonumentos\/wp-content\/uploads\/2021\/09\/08_Miguel-Ortiz.jpg\" class=\"attachment-large size-large\" alt=\"\" srcset=\"https:\/\/www.numerotres.org\/nonumentos\/wp-content\/uploads\/2021\/09\/08_Miguel-Ortiz.jpg 502w, https:\/\/www.numerotres.org\/nonumentos\/wp-content\/uploads\/2021\/09\/08_Miguel-Ortiz-251x300.jpg 251w, https:\/\/www.numerotres.org\/nonumentos\/wp-content\/uploads\/2021\/09\/08_Miguel-Ortiz-230x275.jpg 230w, https:\/\/www.numerotres.org\/nonumentos\/wp-content\/uploads\/2021\/09\/08_Miguel-Ortiz-350x418.jpg 350w, https:\/\/www.numerotres.org\/nonumentos\/wp-content\/uploads\/2021\/09\/08_Miguel-Ortiz-480x574.jpg 480w\" sizes=\"auto, (max-width: 502px) 100vw, 502px\" \/>\t\t\t\t\t\t\t\t\t\t\t\t\t\t\t<\/div>\n\t\t\t\t<\/div>\n\t\t\t\t<div class=\"elementor-element elementor-element-12e6447 elementor-button-success elementor-align-left bequipo elementor-widget elementor-widget-button\" data-id=\"12e6447\" data-element_type=\"widget\" data-widget_type=\"button.default\">\n\t\t\t\t<div class=\"elementor-widget-container\">\n\t\t\t\t\t<div class=\"elementor-button-wrapper\">\n\t\t\t<a href=\"#sect7\" class=\"elementor-button-link elementor-button elementor-size-sm\" role=\"button\" id=\"btn7\">\n\t\t\t\t\t\t<span class=\"elementor-button-content-wrapper\">\n\t\t\t\t\t\t<span class=\"elementor-button-text\">Miguel Ortiz +<\/span>\n\t\t<\/span>\n\t\t\t\t\t<\/a>\n\t\t<\/div>\n\t\t\t\t<\/div>\n\t\t\t\t<\/div>\n\t\t\t\t\t<\/div>\n\t\t<\/div>\n\t\t\t\t<div class=\"elementor-column elementor-col-25 elementor-top-column elementor-element elementor-element-88e5737\" data-id=\"88e5737\" data-element_type=\"column\">\n\t\t\t<div class=\"elementor-widget-wrap elementor-element-populated\">\n\t\t\t\t\t\t\t\t<div class=\"elementor-element elementor-element-f76b180 elementor-widget elementor-widget-image\" data-id=\"f76b180\" data-element_type=\"widget\" data-widget_type=\"image.default\">\n\t\t\t\t<div class=\"elementor-widget-container\">\n\t\t\t\t\t\t\t\t\t\t\t\t\t\t\t<img loading=\"lazy\" decoding=\"async\" width=\"502\" height=\"600\" src=\"https:\/\/www.numerotres.org\/nonumentos\/wp-content\/uploads\/2021\/09\/02_Ignacia_Luco.jpg\" class=\"attachment-large size-large\" alt=\"\" srcset=\"https:\/\/www.numerotres.org\/nonumentos\/wp-content\/uploads\/2021\/09\/02_Ignacia_Luco.jpg 502w, https:\/\/www.numerotres.org\/nonumentos\/wp-content\/uploads\/2021\/09\/02_Ignacia_Luco-251x300.jpg 251w, https:\/\/www.numerotres.org\/nonumentos\/wp-content\/uploads\/2021\/09\/02_Ignacia_Luco-230x275.jpg 230w, https:\/\/www.numerotres.org\/nonumentos\/wp-content\/uploads\/2021\/09\/02_Ignacia_Luco-350x418.jpg 350w, https:\/\/www.numerotres.org\/nonumentos\/wp-content\/uploads\/2021\/09\/02_Ignacia_Luco-480x574.jpg 480w\" sizes=\"auto, (max-width: 502px) 100vw, 502px\" \/>\t\t\t\t\t\t\t\t\t\t\t\t\t\t\t<\/div>\n\t\t\t\t<\/div>\n\t\t\t\t<div class=\"elementor-element elementor-element-d235219 elementor-button-success elementor-align-left bequipo elementor-widget elementor-widget-button\" data-id=\"d235219\" data-element_type=\"widget\" data-widget_type=\"button.default\">\n\t\t\t\t<div class=\"elementor-widget-container\">\n\t\t\t\t\t<div class=\"elementor-button-wrapper\">\n\t\t\t<a href=\"#sect2\" class=\"elementor-button-link elementor-button elementor-size-sm\" role=\"button\" id=\"btn2\">\n\t\t\t\t\t\t<span class=\"elementor-button-content-wrapper\">\n\t\t\t\t\t\t<span class=\"elementor-button-text\">Ignacia Luco +<\/span>\n\t\t<\/span>\n\t\t\t\t\t<\/a>\n\t\t<\/div>\n\t\t\t\t<\/div>\n\t\t\t\t<\/div>\n\t\t\t\t<div class=\"elementor-element elementor-element-670d5d2 elementor-widget elementor-widget-image\" data-id=\"670d5d2\" data-element_type=\"widget\" data-widget_type=\"image.default\">\n\t\t\t\t<div class=\"elementor-widget-container\">\n\t\t\t\t\t\t\t\t\t\t\t\t\t\t\t<img loading=\"lazy\" decoding=\"async\" width=\"502\" height=\"600\" src=\"https:\/\/www.numerotres.org\/nonumentos\/wp-content\/uploads\/2021\/09\/06_Yanko-Diaz-BN.jpg\" class=\"attachment-large size-large\" alt=\"\" srcset=\"https:\/\/www.numerotres.org\/nonumentos\/wp-content\/uploads\/2021\/09\/06_Yanko-Diaz-BN.jpg 502w, https:\/\/www.numerotres.org\/nonumentos\/wp-content\/uploads\/2021\/09\/06_Yanko-Diaz-BN-251x300.jpg 251w, https:\/\/www.numerotres.org\/nonumentos\/wp-content\/uploads\/2021\/09\/06_Yanko-Diaz-BN-230x275.jpg 230w, https:\/\/www.numerotres.org\/nonumentos\/wp-content\/uploads\/2021\/09\/06_Yanko-Diaz-BN-350x418.jpg 350w, https:\/\/www.numerotres.org\/nonumentos\/wp-content\/uploads\/2021\/09\/06_Yanko-Diaz-BN-480x574.jpg 480w\" sizes=\"auto, (max-width: 502px) 100vw, 502px\" \/>\t\t\t\t\t\t\t\t\t\t\t\t\t\t\t<\/div>\n\t\t\t\t<\/div>\n\t\t\t\t<div class=\"elementor-element elementor-element-aca649d elementor-button-success elementor-align-left bequipo elementor-widget elementor-widget-button\" data-id=\"aca649d\" data-element_type=\"widget\" data-widget_type=\"button.default\">\n\t\t\t\t<div class=\"elementor-widget-container\">\n\t\t\t\t\t<div class=\"elementor-button-wrapper\">\n\t\t\t<a href=\"#sect5\" class=\"elementor-button-link elementor-button elementor-size-sm\" role=\"button\" id=\"btn5\">\n\t\t\t\t\t\t<span class=\"elementor-button-content-wrapper\">\n\t\t\t\t\t\t<span class=\"elementor-button-text\">Yanko D\u00edaz +<\/span>\n\t\t<\/span>\n\t\t\t\t\t<\/a>\n\t\t<\/div>\n\t\t\t\t<\/div>\n\t\t\t\t<\/div>\n\t\t\t\t<div class=\"elementor-element elementor-element-86f3f4e elementor-widget elementor-widget-image\" data-id=\"86f3f4e\" data-element_type=\"widget\" data-widget_type=\"image.default\">\n\t\t\t\t<div class=\"elementor-widget-container\">\n\t\t\t\t\t\t\t\t\t\t\t\t\t\t\t<img loading=\"lazy\" decoding=\"async\" width=\"502\" height=\"600\" src=\"https:\/\/www.numerotres.org\/nonumentos\/wp-content\/uploads\/2021\/09\/07_Karina-Labrana-BN.jpg\" class=\"attachment-large size-large\" alt=\"\" srcset=\"https:\/\/www.numerotres.org\/nonumentos\/wp-content\/uploads\/2021\/09\/07_Karina-Labrana-BN.jpg 502w, https:\/\/www.numerotres.org\/nonumentos\/wp-content\/uploads\/2021\/09\/07_Karina-Labrana-BN-251x300.jpg 251w, https:\/\/www.numerotres.org\/nonumentos\/wp-content\/uploads\/2021\/09\/07_Karina-Labrana-BN-230x275.jpg 230w, https:\/\/www.numerotres.org\/nonumentos\/wp-content\/uploads\/2021\/09\/07_Karina-Labrana-BN-350x418.jpg 350w, https:\/\/www.numerotres.org\/nonumentos\/wp-content\/uploads\/2021\/09\/07_Karina-Labrana-BN-480x574.jpg 480w\" sizes=\"auto, (max-width: 502px) 100vw, 502px\" \/>\t\t\t\t\t\t\t\t\t\t\t\t\t\t\t<\/div>\n\t\t\t\t<\/div>\n\t\t\t\t<div class=\"elementor-element elementor-element-5593cfd elementor-button-success elementor-align-left bequipo elementor-widget elementor-widget-button\" data-id=\"5593cfd\" data-element_type=\"widget\" data-widget_type=\"button.default\">\n\t\t\t\t<div class=\"elementor-widget-container\">\n\t\t\t\t\t<div class=\"elementor-button-wrapper\">\n\t\t\t<a href=\"#sect8\" class=\"elementor-button-link elementor-button elementor-size-sm\" role=\"button\" id=\"btn8\">\n\t\t\t\t\t\t<span class=\"elementor-button-content-wrapper\">\n\t\t\t\t\t\t<span class=\"elementor-button-text\">Karina Labra\u00f1a +<\/span>\n\t\t<\/span>\n\t\t\t\t\t<\/a>\n\t\t<\/div>\n\t\t\t\t<\/div>\n\t\t\t\t<\/div>\n\t\t\t\t\t<\/div>\n\t\t<\/div>\n\t\t\t\t<div class=\"elementor-column elementor-col-25 elementor-top-column elementor-element elementor-element-25c6791\" data-id=\"25c6791\" data-element_type=\"column\">\n\t\t\t<div class=\"elementor-widget-wrap elementor-element-populated\">\n\t\t\t\t\t\t\t\t<div class=\"elementor-element elementor-element-41dff1c elementor-widget elementor-widget-image\" data-id=\"41dff1c\" data-element_type=\"widget\" data-widget_type=\"image.default\">\n\t\t\t\t<div class=\"elementor-widget-container\">\n\t\t\t\t\t\t\t\t\t\t\t\t\t\t\t<img loading=\"lazy\" decoding=\"async\" width=\"502\" height=\"600\" src=\"https:\/\/www.numerotres.org\/nonumentos\/wp-content\/uploads\/2021\/09\/09_Oscar-Olivares.jpg\" class=\"attachment-large size-large\" alt=\"\" srcset=\"https:\/\/www.numerotres.org\/nonumentos\/wp-content\/uploads\/2021\/09\/09_Oscar-Olivares.jpg 502w, https:\/\/www.numerotres.org\/nonumentos\/wp-content\/uploads\/2021\/09\/09_Oscar-Olivares-251x300.jpg 251w, https:\/\/www.numerotres.org\/nonumentos\/wp-content\/uploads\/2021\/09\/09_Oscar-Olivares-230x275.jpg 230w, https:\/\/www.numerotres.org\/nonumentos\/wp-content\/uploads\/2021\/09\/09_Oscar-Olivares-350x418.jpg 350w, https:\/\/www.numerotres.org\/nonumentos\/wp-content\/uploads\/2021\/09\/09_Oscar-Olivares-480x574.jpg 480w\" sizes=\"auto, (max-width: 502px) 100vw, 502px\" \/>\t\t\t\t\t\t\t\t\t\t\t\t\t\t\t<\/div>\n\t\t\t\t<\/div>\n\t\t\t\t<div class=\"elementor-element elementor-element-c075a9c elementor-button-success elementor-align-left bequipo elementor-widget elementor-widget-button\" data-id=\"c075a9c\" data-element_type=\"widget\" data-widget_type=\"button.default\">\n\t\t\t\t<div class=\"elementor-widget-container\">\n\t\t\t\t\t<div class=\"elementor-button-wrapper\">\n\t\t\t<a href=\"#sect3\" class=\"elementor-button-link elementor-button elementor-size-sm\" role=\"button\" id=\"btn3\">\n\t\t\t\t\t\t<span class=\"elementor-button-content-wrapper\">\n\t\t\t\t\t\t<span class=\"elementor-button-text\">Oscar Olivares +<\/span>\n\t\t<\/span>\n\t\t\t\t\t<\/a>\n\t\t<\/div>\n\t\t\t\t<\/div>\n\t\t\t\t<\/div>\n\t\t\t\t<div class=\"elementor-element elementor-element-93af450 elementor-widget elementor-widget-image\" data-id=\"93af450\" data-element_type=\"widget\" data-widget_type=\"image.default\">\n\t\t\t\t<div class=\"elementor-widget-container\">\n\t\t\t\t\t\t\t\t\t\t\t\t\t\t\t<img loading=\"lazy\" decoding=\"async\" width=\"502\" height=\"600\" src=\"https:\/\/www.numerotres.org\/nonumentos\/wp-content\/uploads\/2021\/09\/05_Jorge-Placencia-BN.jpg\" class=\"attachment-large size-large\" alt=\"\" srcset=\"https:\/\/www.numerotres.org\/nonumentos\/wp-content\/uploads\/2021\/09\/05_Jorge-Placencia-BN.jpg 502w, https:\/\/www.numerotres.org\/nonumentos\/wp-content\/uploads\/2021\/09\/05_Jorge-Placencia-BN-251x300.jpg 251w, https:\/\/www.numerotres.org\/nonumentos\/wp-content\/uploads\/2021\/09\/05_Jorge-Placencia-BN-230x275.jpg 230w, https:\/\/www.numerotres.org\/nonumentos\/wp-content\/uploads\/2021\/09\/05_Jorge-Placencia-BN-350x418.jpg 350w, https:\/\/www.numerotres.org\/nonumentos\/wp-content\/uploads\/2021\/09\/05_Jorge-Placencia-BN-480x574.jpg 480w\" sizes=\"auto, (max-width: 502px) 100vw, 502px\" \/>\t\t\t\t\t\t\t\t\t\t\t\t\t\t\t<\/div>\n\t\t\t\t<\/div>\n\t\t\t\t<div class=\"elementor-element elementor-element-fbd949b elementor-button-success elementor-align-left bequipo elementor-widget elementor-widget-button\" data-id=\"fbd949b\" data-element_type=\"widget\" data-widget_type=\"button.default\">\n\t\t\t\t<div class=\"elementor-widget-container\">\n\t\t\t\t\t<div class=\"elementor-button-wrapper\">\n\t\t\t<a href=\"#sect6\" class=\"elementor-button-link elementor-button elementor-size-sm\" role=\"button\" id=\"btn6\">\n\t\t\t\t\t\t<span class=\"elementor-button-content-wrapper\">\n\t\t\t\t\t\t<span class=\"elementor-button-text\">Jorge Plascencia +<\/span>\n\t\t<\/span>\n\t\t\t\t\t<\/a>\n\t\t<\/div>\n\t\t\t\t<\/div>\n\t\t\t\t<\/div>\n\t\t\t\t<div class=\"elementor-element elementor-element-4304630 elementor-widget elementor-widget-image\" data-id=\"4304630\" data-element_type=\"widget\" data-widget_type=\"image.default\">\n\t\t\t\t<div class=\"elementor-widget-container\">\n\t\t\t\t\t\t\t\t\t\t\t\t\t\t\t<img loading=\"lazy\" decoding=\"async\" width=\"502\" height=\"600\" src=\"https:\/\/www.numerotres.org\/nonumentos\/wp-content\/uploads\/2021\/09\/010_Maria-de-la-Luz-Tellez-BN.jpg\" class=\"attachment-large size-large\" alt=\"\" srcset=\"https:\/\/www.numerotres.org\/nonumentos\/wp-content\/uploads\/2021\/09\/010_Maria-de-la-Luz-Tellez-BN.jpg 502w, https:\/\/www.numerotres.org\/nonumentos\/wp-content\/uploads\/2021\/09\/010_Maria-de-la-Luz-Tellez-BN-251x300.jpg 251w, https:\/\/www.numerotres.org\/nonumentos\/wp-content\/uploads\/2021\/09\/010_Maria-de-la-Luz-Tellez-BN-230x275.jpg 230w, https:\/\/www.numerotres.org\/nonumentos\/wp-content\/uploads\/2021\/09\/010_Maria-de-la-Luz-Tellez-BN-350x418.jpg 350w, https:\/\/www.numerotres.org\/nonumentos\/wp-content\/uploads\/2021\/09\/010_Maria-de-la-Luz-Tellez-BN-480x574.jpg 480w\" sizes=\"auto, (max-width: 502px) 100vw, 502px\" \/>\t\t\t\t\t\t\t\t\t\t\t\t\t\t\t<\/div>\n\t\t\t\t<\/div>\n\t\t\t\t<div class=\"elementor-element elementor-element-760e75c elementor-button-success elementor-align-left bequipo elementor-widget elementor-widget-button\" data-id=\"760e75c\" data-element_type=\"widget\" data-widget_type=\"button.default\">\n\t\t\t\t<div class=\"elementor-widget-container\">\n\t\t\t\t\t<div class=\"elementor-button-wrapper\">\n\t\t\t<a href=\"#sect9\" class=\"elementor-button-link elementor-button elementor-size-sm\" role=\"button\" id=\"btn9\">\n\t\t\t\t\t\t<span class=\"elementor-button-content-wrapper\">\n\t\t\t\t\t\t<span class=\"elementor-button-text\">Mar\u00eda Tellez +<\/span>\n\t\t<\/span>\n\t\t\t\t\t<\/a>\n\t\t<\/div>\n\t\t\t\t<\/div>\n\t\t\t\t<\/div>\n\t\t\t\t\t<\/div>\n\t\t<\/div>\n\t\t\t\t\t\t\t<\/div>\n\t\t<\/section>\n\t\t\t\t<section class=\"elementor-section elementor-top-section elementor-element elementor-element-5f77aa5 hidden elementor-section-boxed elementor-section-height-default elementor-section-height-default\" data-id=\"5f77aa5\" data-element_type=\"section\" id=\"sect0\">\n\t\t\t\t\t\t<div class=\"elementor-container elementor-column-gap-default\">\n\t\t\t\t\t<div class=\"elementor-column elementor-col-100 elementor-top-column elementor-element elementor-element-b70fcde\" data-id=\"b70fcde\" data-element_type=\"column\">\n\t\t\t<div class=\"elementor-widget-wrap elementor-element-populated\">\n\t\t\t\t\t\t\t\t<div class=\"elementor-element elementor-element-fca3612 elementor-widget elementor-widget-heading\" data-id=\"fca3612\" data-element_type=\"widget\" data-widget_type=\"heading.default\">\n\t\t\t\t<div class=\"elementor-widget-container\">\n\t\t\t<h2 class=\"elementor-heading-title elementor-size-default\">A\u00f1ade aqu\u00ed tu texto de cabecera<\/h2>\t\t<\/div>\n\t\t\t\t<\/div>\n\t\t\t\t\t<\/div>\n\t\t<\/div>\n\t\t\t\t\t\t\t<\/div>\n\t\t<\/section>\n\t\t\t\t<section class=\"elementor-section elementor-top-section elementor-element elementor-element-39e38bf elementor-section-boxed elementor-section-height-default elementor-section-height-default\" data-id=\"39e38bf\" data-element_type=\"section\">\n\t\t\t\t\t\t<div class=\"elementor-container elementor-column-gap-default\">\n\t\t\t\t\t<div class=\"elementor-column elementor-col-100 elementor-top-column elementor-element elementor-element-06b2bd1\" data-id=\"06b2bd1\" data-element_type=\"column\">\n\t\t\t<div class=\"elementor-widget-wrap elementor-element-populated\">\n\t\t\t\t\t\t\t\t<div class=\"elementor-element elementor-element-ca06fb9 elementor-widget elementor-widget-html\" data-id=\"ca06fb9\" data-element_type=\"widget\" data-widget_type=\"html.default\">\n\t\t\t\t<div class=\"elementor-widget-container\">\n\t\t\t<script>\nvar btn1 = document.getElementById(\"btn1\");\nvar btn2 = document.getElementById(\"btn2\");\nvar btn3 = document.getElementById(\"btn3\");\nvar btn4 = document.getElementById(\"btn4\");\nvar btn5 = document.getElementById(\"btn5\");\nvar btn6 = document.getElementById(\"btn6\");\nvar btn7 = document.getElementById(\"btn7\");\nvar btn8 = document.getElementById(\"btn8\");\nvar btn9 = document.getElementById(\"btn9\");\n\n\n\n\nbtn1.onclick = function(event){\nevent.preventDefault();\ntoggleDivs(\"sect1\");\n};\nbtn2.onclick = function(event){\nevent.preventDefault();\ntoggleDivs(\"sect2\");\n};\nbtn3.onclick = function(event){\nevent.preventDefault();\ntoggleDivs(\"sect3\");\n};\nbtn4.onclick = function(event){\nevent.preventDefault();\ntoggleDivs(\"sect4\");\n};\nbtn5.onclick = function(event){\nevent.preventDefault();\ntoggleDivs(\"sect5\");\n};\nbtn6.onclick = function(event){\nevent.preventDefault();\ntoggleDivs(\"sect6\");\n};\nbtn7.onclick = function(event){\nevent.preventDefault();\ntoggleDivs(\"sect7\");\n};\nbtn8.onclick = function(event){\nevent.preventDefault();\ntoggleDivs(\"sect8\");\n};\nbtn9.onclick = function(event){\nevent.preventDefault();\ntoggleDivs(\"sect9\");\n};\n\n\nfunction toggleDivs(s){\n\/\/reset\ndocument.getElementById(\"sect1\").classList.remove(\"shown\");\ndocument.getElementById(\"sect2\").classList.remove(\"shown\");\ndocument.getElementById(\"sect3\").classList.remove(\"shown\");\ndocument.getElementById(\"sect4\").classList.remove(\"shown\");\ndocument.getElementById(\"sect5\").classList.remove(\"shown\");\ndocument.getElementById(\"sect6\").classList.remove(\"shown\");\ndocument.getElementById(\"sect7\").classList.remove(\"shown\");\ndocument.getElementById(\"sect8\").classList.remove(\"shown\");\ndocument.getElementById(\"sect9\").classList.remove(\"shown\");\n\n\n\/\/show\ndocument.getElementById(s).classList.add(\"shown\");\n}\n<\/script>\n<style>\n.elementor-editor-active .hidden{\ndisplay:block;\n}\n.hidden{\ndisplay:none;\n}\n.shown{\ndisplay: block !important;\n}\n<\/style>\t\t<\/div>\n\t\t\t\t<\/div>\n\t\t\t\t\t<\/div>\n\t\t<\/div>\n\t\t\t\t\t\t\t<\/div>\n\t\t<\/section>\n\t\t\t\t\t\t<\/div>\n\t\t\t\t\t<\/div>\n\t\t","protected":false},"excerpt":{"rendered":"<p>EQUIPO DE INVESTIGACI\u00d3N Javiera Bustamante Investigadora Principal Antrop\u00f3loga Social de la Universidad de Chile y Doctora en Gesti\u00f3n de la Cultura y el Patrimonio por la Universidad de Barcelona. Es Acad\u00e9mica del Departamento de Antropolog\u00eda de la Universidad Alberto Hurtado y directora del Diplomado en Gesti\u00f3n e Investigaci\u00f3n del Patrimonio Cultural de la misma universidad. [&hellip;]<\/p>\n","protected":false},"author":1,"featured_media":0,"parent":0,"menu_order":0,"comment_status":"closed","ping_status":"closed","template":"elementor_header_footer","meta":{"footnotes":""},"class_list":["post-78","page","type-page","status-publish","hentry"],"_links":{"self":[{"href":"https:\/\/www.numerotres.org\/nonumentos\/wp-json\/wp\/v2\/pages\/78","targetHints":{"allow":["GET"]}}],"collection":[{"href":"https:\/\/www.numerotres.org\/nonumentos\/wp-json\/wp\/v2\/pages"}],"about":[{"href":"https:\/\/www.numerotres.org\/nonumentos\/wp-json\/wp\/v2\/types\/page"}],"author":[{"embeddable":true,"href":"https:\/\/www.numerotres.org\/nonumentos\/wp-json\/wp\/v2\/users\/1"}],"replies":[{"embeddable":true,"href":"https:\/\/www.numerotres.org\/nonumentos\/wp-json\/wp\/v2\/comments?post=78"}],"version-history":[{"count":298,"href":"https:\/\/www.numerotres.org\/nonumentos\/wp-json\/wp\/v2\/pages\/78\/revisions"}],"predecessor-version":[{"id":1452,"href":"https:\/\/www.numerotres.org\/nonumentos\/wp-json\/wp\/v2\/pages\/78\/revisions\/1452"}],"wp:attachment":[{"href":"https:\/\/www.numerotres.org\/nonumentos\/wp-json\/wp\/v2\/media?parent=78"}],"curies":[{"name":"wp","href":"https:\/\/api.w.org\/{rel}","templated":true}]}}