{"id":721,"date":"2021-09-12T22:28:25","date_gmt":"2021-09-13T01:28:25","guid":{"rendered":"http:\/\/www.numerotres.org\/nonumentos\/?page_id=721"},"modified":"2021-09-22T22:59:08","modified_gmt":"2021-09-23T01:59:08","slug":"monumento-general-baquedano","status":"publish","type":"page","link":"https:\/\/www.numerotres.org\/nonumentos\/monumento-general-baquedano\/","title":{"rendered":"Monumento General Baquedano"},"content":{"rendered":"\t\t<div data-elementor-type=\"wp-page\" data-elementor-id=\"721\" class=\"elementor elementor-721\" data-elementor-settings=\"[]\">\n\t\t\t\t\t\t\t<div class=\"elementor-section-wrap\">\n\t\t\t\t\t\t\t<section class=\"elementor-section elementor-top-section elementor-element elementor-element-c9df346 elementor-section-boxed elementor-section-height-default elementor-section-height-default\" data-id=\"c9df346\" data-element_type=\"section\">\n\t\t\t\t\t\t<div class=\"elementor-container elementor-column-gap-default\">\n\t\t\t\t\t<div class=\"elementor-column elementor-col-33 elementor-top-column elementor-element elementor-element-39a61e8\" data-id=\"39a61e8\" data-element_type=\"column\">\n\t\t\t<div class=\"elementor-widget-wrap elementor-element-populated\">\n\t\t\t\t\t\t\t\t<div class=\"elementor-element elementor-element-4a0c151 elementor-widget elementor-widget-heading\" data-id=\"4a0c151\" data-element_type=\"widget\" data-widget_type=\"heading.default\">\n\t\t\t\t<div class=\"elementor-widget-container\">\n\t\t\t<h1 class=\"elementor-heading-title elementor-size-default\">\/<\/h1>\t\t<\/div>\n\t\t\t\t<\/div>\n\t\t\t\t\t<\/div>\n\t\t<\/div>\n\t\t\t\t<div class=\"elementor-column elementor-col-33 elementor-top-column elementor-element elementor-element-5d1a744\" data-id=\"5d1a744\" data-element_type=\"column\">\n\t\t\t<div class=\"elementor-widget-wrap elementor-element-populated\">\n\t\t\t\t\t\t\t\t<div class=\"elementor-element elementor-element-0da6e0e elementor-widget elementor-widget-heading\" data-id=\"0da6e0e\" data-element_type=\"widget\" data-widget_type=\"heading.default\">\n\t\t\t\t<div class=\"elementor-widget-container\">\n\t\t\t<h2 class=\"elementor-heading-title elementor-size-default\">MONUMENTO GENERAL BAQUEDANO<\/h2>\t\t<\/div>\n\t\t\t\t<\/div>\n\t\t\t\t\t<\/div>\n\t\t<\/div>\n\t\t\t\t<div class=\"elementor-column elementor-col-33 elementor-top-column elementor-element elementor-element-e416665\" data-id=\"e416665\" data-element_type=\"column\">\n\t\t\t<div class=\"elementor-widget-wrap\">\n\t\t\t\t\t\t\t\t\t<\/div>\n\t\t<\/div>\n\t\t\t\t\t\t\t<\/div>\n\t\t<\/section>\n\t\t\t\t<section class=\"elementor-section elementor-top-section elementor-element elementor-element-9a3fb34 elementor-section-boxed elementor-section-height-default elementor-section-height-default\" data-id=\"9a3fb34\" data-element_type=\"section\">\n\t\t\t\t\t\t<div class=\"elementor-container elementor-column-gap-default\">\n\t\t\t\t\t<div class=\"elementor-column elementor-col-50 elementor-top-column elementor-element elementor-element-7825ed5\" data-id=\"7825ed5\" data-element_type=\"column\">\n\t\t\t<div class=\"elementor-widget-wrap elementor-element-populated\">\n\t\t\t\t\t\t\t\t<section class=\"elementor-section elementor-inner-section elementor-element elementor-element-42caf1b elementor-section-boxed elementor-section-height-default elementor-section-height-default\" data-id=\"42caf1b\" data-element_type=\"section\">\n\t\t\t\t\t\t<div class=\"elementor-container elementor-column-gap-default\">\n\t\t\t\t\t<div class=\"elementor-column elementor-col-100 elementor-inner-column elementor-element elementor-element-f8d062d\" data-id=\"f8d062d\" data-element_type=\"column\">\n\t\t\t<div class=\"elementor-widget-wrap elementor-element-populated\">\n\t\t\t\t\t\t\t\t<div class=\"elementor-element elementor-element-8240185 elementor-widget elementor-widget-text-editor\" data-id=\"8240185\" data-element_type=\"widget\" data-widget_type=\"text-editor.default\">\n\t\t\t\t<div class=\"elementor-widget-container\">\n\t\t\t\t\t\t\t<div style=\"text-align: justify; overflow: scroll; height: 730px; padding-right: 9px; overflow-x: hidden;\">\n\nEl Monumento al General Manuel Baquedano es una escultura de bronce que representa la figura del reconocido como el principal l\u00edder durante de la Guerra del Pac\u00edfico (1879 \u2013 1883) sobre su caballo Diamante, dise\u00f1ada y construida por el escultor chileno Virginio Arias y erguido sobre el conjunto arquitect\u00f3nico de Gustavo Garc\u00eda. Bajo el monumento se encuentra la tumba del \u201cSoldado Desconocido de la Patria\u201d, cuyos restos fueron encontrados en el campo de batalla y enterrados en este sitio.\n\nSe ubica en la plaza hom\u00f3nima, en la intersecci\u00f3n de las calles Av. Providencia por el oriente, la Alameda Libertador Bernardo O\u2019Higgins por el poniente y la Av. Vicu\u00f1a Mackenna por el extremo sur. De la misma manera, representa el punto fronterizo entre las comunas Providencia, Recoleta y Santiago Centro.\n\nFue inaugurada el 18 de septiembre de 1928 por Carlos Ib\u00e1\u00f1ez del Campo, con el objetivo de homenajear a quien ser\u00eda considerado por el Gobierno un pr\u00f3cer de guerra por su participaci\u00f3n en la Guerra del Pac\u00edfico, en la Guerra Civil de 1851 (para impedir el ascenso de Manuel Montt), en la de 1859 defendiendo el bando conservador y en la mal llamada \u201cPacificaci\u00f3n de la Araucan\u00eda\u201d.\n\nDebido a su ubicaci\u00f3n estrat\u00e9gica, se ha convertido en un \u00edcono urbano de la capital, consolid\u00e1ndose en el imaginario colectivo como el punto de separaci\u00f3n de las clases sociales de Santiago, ubicando al oriente de la plaza la clase alta -informaci\u00f3n que se condice con la ubicaci\u00f3n de las comunas con mayor plusval\u00eda de la ciudad- y al poniente su contraposici\u00f3n, las clases trabajadoras.\n\nSiguiendo esta l\u00f3gica y como centro de la capital, se convirti\u00f3 en el punto de congregaci\u00f3n masiva para diferentes eventos sociales, pol\u00edticos y deportivos que no necesariamente se correspond\u00edan en sus motivaciones y perspectivas ideol\u00f3gicas y, a partir de 1980 -en reemplazo de la Plaza de la Ciudadan\u00eda- lugar de inicio de las manifestaciones p\u00fablicas.\n\nA partir del Estallido Social de 18 de octubre de 2019, pas\u00f3 a ser el centro de la llamada zona 0 de las manifestaciones, fue rebautizada con el nombre \u201cPlaza Dignidad\u201d en relaci\u00f3n a una de las principales consignas del movimiento social y se convirti\u00f3, r\u00e1pidamente, en un territorio de disputa entre los y las manifestantes y las fuerzas represivas, quienes compet\u00edan por la ocupaci\u00f3n del lugar.\n\nEsto dio pie a una serie de intervenciones sociales en el monumento, desde rayados con mensajes pol\u00edticos en contra del gobierno, hasta intervenciones m\u00e1s elaboradas entre las que destacan la instalaci\u00f3n de Chemamull por el escultor Antonio Pailafill, las intervenciones realizadas durante las marchas del 8 de marzo, su ocupaci\u00f3n por las barras de los equipos de f\u00fatbol Colo-Colo y Universidad de Chile, intervenciones lum\u00ednicas por Delight Lab, entre muchas otras.\n\nEjemplo de la importancia que cobr\u00f3 para el imaginario pol\u00edtico en el marco del Estallido Social es que el d\u00eda 3 de abril de 2020, durante la cuarentena total por la crisis sanitaria, el presidente Sebasti\u00e1n Pi\u00f1era baj\u00f3 de su veh\u00edculo y pos\u00f3 junto al monumento para tomarse una fotograf\u00eda, en lo que fue considerado por la opini\u00f3n p\u00fablica como un acto de provocaci\u00f3n.\n\nTras una serie de intervenciones sobre el monumento, que fueron desde pintarlo completamente de color rojo hasta prenderle fuego, y de intentos del Gobierno de cubrirlo con pintura en un af\u00e1n de restaurarlo y borrar todo registro material de manifestaci\u00f3n, la madrugada del 12 de marzo de 2021 fue retirado de la plaza para ser restaurado en el plazo de un a\u00f1o. Junto con esta medida, dos d\u00edas despu\u00e9s del retiro, comenz\u00f3 la instalaci\u00f3n de un muro blindado de 3 metros de altura que rodear\u00eda el ahora pedestal vac\u00edo y la tumba del soldado desconocido para su protecci\u00f3n, junto con su constante custodia policial.\n\n<\/div>\t\t\t\t\t\t<\/div>\n\t\t\t\t<\/div>\n\t\t\t\t\t<\/div>\n\t\t<\/div>\n\t\t\t\t\t\t\t<\/div>\n\t\t<\/section>\n\t\t\t\t\t<\/div>\n\t\t<\/div>\n\t\t\t\t<div class=\"elementor-column elementor-col-50 elementor-top-column elementor-element elementor-element-4537066\" data-id=\"4537066\" data-element_type=\"column\">\n\t\t\t<div class=\"elementor-widget-wrap elementor-element-populated\">\n\t\t\t\t\t\t\t\t<div class=\"elementor-element elementor-element-8a1203d elementor-arrows-position-inside elementor-pagination-position-outside elementor-widget elementor-widget-image-carousel\" data-id=\"8a1203d\" data-element_type=\"widget\" data-settings=\"{&quot;slides_to_show&quot;:&quot;1&quot;,&quot;effect&quot;:&quot;fade&quot;,&quot;navigation&quot;:&quot;both&quot;,&quot;autoplay&quot;:&quot;yes&quot;,&quot;pause_on_hover&quot;:&quot;yes&quot;,&quot;pause_on_interaction&quot;:&quot;yes&quot;,&quot;autoplay_speed&quot;:5000,&quot;infinite&quot;:&quot;yes&quot;,&quot;speed&quot;:500}\" data-widget_type=\"image-carousel.default\">\n\t\t\t\t<div class=\"elementor-widget-container\">\n\t\t\t\t\t<div class=\"elementor-image-carousel-wrapper swiper-container\" dir=\"ltr\">\n\t\t\t<div class=\"elementor-image-carousel swiper-wrapper\">\n\t\t\t\t\t\t\t\t<div class=\"swiper-slide\"><figure class=\"swiper-slide-inner\"><img decoding=\"async\" class=\"swiper-slide-image\" src=\"https:\/\/www.numerotres.org\/nonumentos\/wp-content\/uploads\/2021\/09\/iglesia-la-veracruz-I.jpg\" alt=\"iglesia-la-veracruz-I\" \/><\/figure><\/div><div class=\"swiper-slide\"><figure class=\"swiper-slide-inner\"><img decoding=\"async\" class=\"swiper-slide-image\" src=\"https:\/\/www.numerotres.org\/nonumentos\/wp-content\/uploads\/2021\/09\/iglesia-la-veracruz-II.jpg\" alt=\"iglesia-la-veracruz-II\" \/><\/figure><\/div><div class=\"swiper-slide\"><figure class=\"swiper-slide-inner\"><img decoding=\"async\" class=\"swiper-slide-image\" src=\"https:\/\/www.numerotres.org\/nonumentos\/wp-content\/uploads\/2021\/09\/iglesia-la-veracruz-III.jpg\" alt=\"iglesia-la-veracruz-III\" \/><\/figure><\/div><div class=\"swiper-slide\"><figure class=\"swiper-slide-inner\"><img decoding=\"async\" class=\"swiper-slide-image\" src=\"https:\/\/www.numerotres.org\/nonumentos\/wp-content\/uploads\/2021\/09\/iglesia-la-veracruz-IV.jpg\" alt=\"iglesia-la-veracruz-IV\" \/><\/figure><\/div><div class=\"swiper-slide\"><figure class=\"swiper-slide-inner\"><img decoding=\"async\" class=\"swiper-slide-image\" src=\"https:\/\/www.numerotres.org\/nonumentos\/wp-content\/uploads\/2021\/09\/iglesia-la-veracruz-V.jpg\" alt=\"iglesia-la-veracruz-V\" \/><\/figure><\/div>\t\t\t<\/div>\n\t\t\t\t\t\t\t\t\t\t\t\t<div class=\"swiper-pagination\"><\/div>\n\t\t\t\t\t\t\t\t\t\t\t\t\t<div class=\"elementor-swiper-button elementor-swiper-button-prev\">\n\t\t\t\t\t\t<i class=\"eicon-chevron-left\" aria-hidden=\"true\"><\/i>\n\t\t\t\t\t\t<span class=\"elementor-screen-only\">Previous<\/span>\n\t\t\t\t\t<\/div>\n\t\t\t\t\t<div class=\"elementor-swiper-button elementor-swiper-button-next\">\n\t\t\t\t\t\t<i class=\"eicon-chevron-right\" aria-hidden=\"true\"><\/i>\n\t\t\t\t\t\t<span class=\"elementor-screen-only\">Next<\/span>\n\t\t\t\t\t<\/div>\n\t\t\t\t\t\t\t\t\t<\/div>\n\t\t\t\t<\/div>\n\t\t\t\t<\/div>\n\t\t\t\t<div class=\"elementor-element elementor-element-c6f79a2 elementor-aspect-ratio-169 elementor-widget elementor-widget-video\" data-id=\"c6f79a2\" data-element_type=\"widget\" data-settings=\"{&quot;youtube_url&quot;:&quot;https:\\\/\\\/youtu.be\\\/Q7iqkb063y8&quot;,&quot;video_type&quot;:&quot;youtube&quot;,&quot;controls&quot;:&quot;yes&quot;,&quot;aspect_ratio&quot;:&quot;169&quot;}\" data-widget_type=\"video.default\">\n\t\t\t\t<div class=\"elementor-widget-container\">\n\t\t\t\t\t<div class=\"elementor-wrapper elementor-fit-aspect-ratio elementor-open-inline\">\n\t\t\t<div class=\"elementor-video\"><\/div>\t\t<\/div>\n\t\t\t\t<\/div>\n\t\t\t\t<\/div>\n\t\t\t\t\t<\/div>\n\t\t<\/div>\n\t\t\t\t\t\t\t<\/div>\n\t\t<\/section>\n\t\t\t\t<section class=\"elementor-section elementor-top-section elementor-element elementor-element-5f75768 elementor-section-boxed elementor-section-height-default elementor-section-height-default\" data-id=\"5f75768\" data-element_type=\"section\">\n\t\t\t\t\t\t<div class=\"elementor-container elementor-column-gap-default\">\n\t\t\t\t\t<div class=\"elementor-column elementor-col-33 elementor-top-column elementor-element elementor-element-a371f3f\" data-id=\"a371f3f\" data-element_type=\"column\">\n\t\t\t<div class=\"elementor-widget-wrap\">\n\t\t\t\t\t\t\t\t\t<\/div>\n\t\t<\/div>\n\t\t\t\t<div class=\"elementor-column elementor-col-33 elementor-top-column elementor-element elementor-element-8201d55\" data-id=\"8201d55\" data-element_type=\"column\">\n\t\t\t<div class=\"elementor-widget-wrap\">\n\t\t\t\t\t\t\t\t\t<\/div>\n\t\t<\/div>\n\t\t\t\t<div class=\"elementor-column elementor-col-33 elementor-top-column elementor-element elementor-element-db1625c\" data-id=\"db1625c\" data-element_type=\"column\">\n\t\t\t<div class=\"elementor-widget-wrap\">\n\t\t\t\t\t\t\t\t\t<\/div>\n\t\t<\/div>\n\t\t\t\t\t\t\t<\/div>\n\t\t<\/section>\n\t\t\t\t<section class=\"elementor-section elementor-top-section elementor-element elementor-element-e5c1917 elementor-section-boxed elementor-section-height-default elementor-section-height-default\" data-id=\"e5c1917\" data-element_type=\"section\">\n\t\t\t\t\t\t<div class=\"elementor-container elementor-column-gap-default\">\n\t\t\t\t\t<div class=\"elementor-column elementor-col-100 elementor-top-column elementor-element elementor-element-e7f8425\" data-id=\"e7f8425\" data-element_type=\"column\">\n\t\t\t<div class=\"elementor-widget-wrap\">\n\t\t\t\t\t\t\t\t\t<\/div>\n\t\t<\/div>\n\t\t\t\t\t\t\t<\/div>\n\t\t<\/section>\n\t\t\t\t<section class=\"elementor-section elementor-top-section elementor-element elementor-element-2ba7936 elementor-section-boxed elementor-section-height-default elementor-section-height-default\" data-id=\"2ba7936\" data-element_type=\"section\">\n\t\t\t\t\t\t<div class=\"elementor-container elementor-column-gap-default\">\n\t\t\t\t\t<div class=\"elementor-column elementor-col-33 elementor-top-column elementor-element elementor-element-f4a10df\" data-id=\"f4a10df\" data-element_type=\"column\">\n\t\t\t<div class=\"elementor-widget-wrap\">\n\t\t\t\t\t\t\t\t\t<\/div>\n\t\t<\/div>\n\t\t\t\t<div class=\"elementor-column elementor-col-33 elementor-top-column elementor-element elementor-element-f8c46af\" data-id=\"f8c46af\" data-element_type=\"column\">\n\t\t\t<div class=\"elementor-widget-wrap\">\n\t\t\t\t\t\t\t\t\t<\/div>\n\t\t<\/div>\n\t\t\t\t<div class=\"elementor-column elementor-col-33 elementor-top-column elementor-element elementor-element-0353084\" data-id=\"0353084\" data-element_type=\"column\">\n\t\t\t<div class=\"elementor-widget-wrap\">\n\t\t\t\t\t\t\t\t\t<\/div>\n\t\t<\/div>\n\t\t\t\t\t\t\t<\/div>\n\t\t<\/section>\n\t\t\t\t\t\t<\/div>\n\t\t\t\t\t<\/div>\n\t\t","protected":false},"excerpt":{"rendered":"<p>\/ MONUMENTO GENERAL BAQUEDANO El Monumento al General Manuel Baquedano es una escultura de bronce que representa la figura del reconocido como el principal l\u00edder durante de la Guerra del Pac\u00edfico (1879 \u2013 1883) sobre su caballo Diamante, dise\u00f1ada y construida por el escultor chileno Virginio Arias y erguido sobre el conjunto arquitect\u00f3nico de Gustavo [&hellip;]<\/p>\n","protected":false},"author":1,"featured_media":0,"parent":0,"menu_order":0,"comment_status":"closed","ping_status":"closed","template":"elementor_header_footer","meta":{"footnotes":""},"class_list":["post-721","page","type-page","status-publish","hentry"],"_links":{"self":[{"href":"https:\/\/www.numerotres.org\/nonumentos\/wp-json\/wp\/v2\/pages\/721","targetHints":{"allow":["GET"]}}],"collection":[{"href":"https:\/\/www.numerotres.org\/nonumentos\/wp-json\/wp\/v2\/pages"}],"about":[{"href":"https:\/\/www.numerotres.org\/nonumentos\/wp-json\/wp\/v2\/types\/page"}],"author":[{"embeddable":true,"href":"https:\/\/www.numerotres.org\/nonumentos\/wp-json\/wp\/v2\/users\/1"}],"replies":[{"embeddable":true,"href":"https:\/\/www.numerotres.org\/nonumentos\/wp-json\/wp\/v2\/comments?post=721"}],"version-history":[{"count":25,"href":"https:\/\/www.numerotres.org\/nonumentos\/wp-json\/wp\/v2\/pages\/721\/revisions"}],"predecessor-version":[{"id":1518,"href":"https:\/\/www.numerotres.org\/nonumentos\/wp-json\/wp\/v2\/pages\/721\/revisions\/1518"}],"wp:attachment":[{"href":"https:\/\/www.numerotres.org\/nonumentos\/wp-json\/wp\/v2\/media?parent=721"}],"curies":[{"name":"wp","href":"https:\/\/api.w.org\/{rel}","templated":true}]}}